{"id":880,"date":"2014-01-28T20:11:12","date_gmt":"2014-01-28T19:11:12","guid":{"rendered":"http:\/\/villaescusadeharo.com\/?page_id=880"},"modified":"2017-10-11T10:55:41","modified_gmt":"2017-10-11T08:55:41","slug":"perfil-del-contratante","status":"publish","type":"page","link":"https:\/\/villaescusadeharo.com\/?page_id=880","title":{"rendered":"Perfil del contratante"},"content":{"rendered":"<h3>Perfil del contratante<\/h3>\n<p><\/p>\n<p>En esta p\u00e1gina se publicar\u00e1n las ofertas de empleo p\u00fablico y licitaciones que oferte el Ayuntamiento de Villaescusa de Haro para conocimiento general y publicidad de las mismas:<\/p>\n<h4>2017<\/h4>\n<p>&#8211; <a href=\"https:\/\/villaescusadeharo.com\/wp-content\/uploads\/anuncio_licitacion_frailes3.pdf\" target=\"_blank\">Anuncio de licitaci\u00f3n del proyecto de obras <strong>Rehabilitaci\u00f3n del Convento de Dominicos Fase 3a<\/strong><\/a><br \/>\n&#8211; <a href=\"https:\/\/villaescusadeharo.com\/wp-content\/uploads\/pliego_clausulas_frailes3.pdf\" target=\"_blank\">Pliego de Cl\u00e1usulas Administrativas del proyecto de obras <strong>Rehabilitaci\u00f3n del Convento de Dominicos Fase 3a<\/strong><\/a><br \/>\n&#8211; <a href=\"https:\/\/villaescusadeharo.com\/wp-content\/uploads\/proyecto_ejecucion_fase3.pdf\" target=\"_blank\">Proyecto de Ejecuci\u00f3n de la <strong>Rehabilitaci\u00f3n del Convento de Dominicos Fase 3a<\/strong><\/a><br \/>\n&#8211; <a href=\"https:\/\/villaescusadeharo.com\/wp-content\/uploads\/Anuncio-Convento-Dominicos-F3.pdf\" target=\"_blank\">Anuncio de informaci\u00f3n p\u00fablica del proyecto de obras <strong>Rehabilitaci\u00f3n del Convento de Dominicos Fase 3a<\/strong><\/a><\/p>\n<p>&#8211; <a href=\"https:\/\/villaescusadeharo.com\/wp-content\/uploads\/pliego_direccion_obra_frailes3.pdf\" target=\"_blank\">Pliego de Cl\u00e1usulas de Direcci\u00f3n y Coordinaci\u00f3n de Seguridad y Salud del proyecto <strong>Rehabilitaci\u00f3n del Convento de Dominicos Fase 3a<\/strong><\/a><\/p>\n<p>&#8211; <a href=\"https:\/\/villaescusadeharo.com\/wp-content\/uploads\/POS2017-DIRECCION.pdf\" target=\"_blank\">Pliego de Cl\u00e1usulas para la Direcci\u00f3n de Obra y Coordinaci\u00f3n de Seguridad y Salud del <strong>Plan de Obras y Servicios 2017<\/strong><\/a><br \/>\n&#8211; <a href=\"https:\/\/villaescusadeharo.com\/wp-content\/uploads\/POS2017-PLIEGO.pdf\" target=\"_blank\">Pliego de Cl\u00e1usulas para el <strong>Plan de Obras y Servicios 2017<\/strong><\/a><br \/>\n&#8211; <a href=\"https:\/\/villaescusadeharo.com\/wp-content\/uploads\/POS2017-PROYECTO.pdf\" target=\"_blank\">Proyecto T\u00e9cnico Visado del <strong>Plan de Obras y Servicios 2017<\/strong><\/a><br \/>\n&#8211; <a href=\"https:\/\/villaescusadeharo.com\/wp-content\/uploads\/POS2017-MEJORA1.pdf\" target=\"_blank\">Mejora 1 propuesta en el pliego del <strong>Plan de Obras y Servicios 2017<\/strong><\/a><br \/>\n&#8211; <a href=\"https:\/\/villaescusadeharo.com\/wp-content\/uploads\/POS2017-MEJORA2.pdf\" target=\"_blank\">Mejora 2 propuesta en el pliego del <strong>Plan de Obras y Servicios 2017<\/strong><\/a><\/p>\n<p>&#8211; <a href=\"https:\/\/villaescusadeharo.com\/wp-content\/uploads\/resolucion_pee_2017.pdf\" target=\"_blank\">Baremaci\u00f3n de candidatos para el <strong>Plan Extraordinario para el Empleo 2017<\/strong><\/a><\/p>\n<p>&#8211; <a href=\"https:\/\/villaescusadeharo.com\/wp-content\/uploads\/sad_2017_baremo.pdf\" target=\"_blank\">Baremaci\u00f3n de admitidos para <strong>Bolsa de Empleo para Servicio de Ayuda a Domicilio<\/strong><\/a><br \/>\n&#8211; <a href=\"https:\/\/villaescusadeharo.com\/wp-content\/uploads\/sad_2017_def.pdf\" target=\"_blank\">Lista definitiva de admitidos para <strong>Bolsa de Empleo para Servicio de Ayuda a Domicilio<\/strong><\/a><br \/>\n&#8211; <a href=\"https:\/\/villaescusadeharo.com\/wp-content\/uploads\/sad_2017_provisional.pdf\" target=\"_blank\">Lista provisional de admitidos para <strong>Bolsa de Empleo para Servicio de Ayuda a Domicilio<\/strong><\/a><br \/>\n&#8211; <a href=\"https:\/\/www.dipucuenca.es\/documents\/12423\/3026611\/26.pdf\/0035ab4e-5cfe-4220-890a-b208828ef0e3\" target=\"_blank\">Bases y Convocatoria para creaci\u00f3n de <strong>Bolsa de Empleo para Servicio de Ayuda a Domicilio<\/strong><\/a><\/p>\n<h4>2016<\/h4>\n<p>&#8211; <a href=\"https:\/\/villaescusadeharo.com\/wp-content\/uploads\/alumbrado\/alumbrado_anuncio_bop.pdf\" target=\"_blank\">Anuncio del <strong>Procedimiento de Suministro e Instalaci\u00f3n de luminarias LED para Alumbrado P\u00fablico<\/strong><\/a><br \/>\n&#8211; <a href=\"https:\/\/villaescusadeharo.com\/wp-content\/uploads\/alumbrado\/alumbrado_pliego_clausulas.pdf\" target=\"_blank\">Pliego de Cl\u00e1usulas Administrativas para el <strong>Procedimiento de Suministro e Instalaci\u00f3n de luminarias LED para Alumbrado P\u00fablico<\/strong><\/a><br \/>\n&#8211; <a href=\"https:\/\/villaescusadeharo.com\/wp-content\/uploads\/alumbrado\/alumbrado_prescripciones_tecnicas.pdf\" target=\"_blank\">Pliego de Prescripciones T\u00e9cnicas del <strong>Procedimiento de Suministro e Instalaci\u00f3n de luminarias LED para Alumbrado P\u00fablico<\/strong><\/a><br \/>\n&#8211; <a href=\"https:\/\/villaescusadeharo.com\/wp-content\/uploads\/alumbrado\/alumbrado_memoria_tecnica.pdf\" target=\"_blank\">Anexo del Pliego de Prescripciones T\u00e9cnicas: Memoria T\u00e9cnica Valorada del <strong>Procedimiento de Suministro e Instalaci\u00f3n de luminarias LED para Alumbrado P\u00fablico<\/strong><\/a><br \/>\n&#8211; <a href=\"https:\/\/villaescusadeharo.com\/wp-content\/uploads\/alumbrado\/alumbrado_auditoria_energetica.pdf\" target=\"_blank\">Auditoria Energ\u00e9tica Base para el <strong>Procedimiento de Suministro e Instalaci\u00f3n de luminarias LED para Alumbrado P\u00fablico<\/strong><\/a><br \/>\n&#8211; <a href=\"https:\/\/villaescusadeharo.com\/wp-content\/uploads\/alumbrado\/alumbrado_mesa_contratacion.pdf\" target=\"_blank\">Anuncio de la Mesa de Contrataci\u00f3n para el <strong>Procedimiento de Suministro e Instalaci\u00f3n de luminarias LED para Alumbrado P\u00fablico<\/strong><\/a><\/p>\n<p>&#8211; <a href=\"https:\/\/villaescusadeharo.com\/wp-content\/uploads\/bases_plan_empleo_2a_conv.pdf\">Bases para la Selecci\u00f3n de Trabajadores en la Segunda Convocatoria del <strong>Programa Extraordinario por el Empleo 2016<\/strong><\/a><\/p>\n<p>&#8211; <a href=\"https:\/\/villaescusadeharo.com\/wp-content\/uploads\/BAREMACION.pdf\">Resultados de la Baremaci\u00f3n del Proceso de Selecci\u00f3n del <strong>Programa Extraordinario por el Empleo 2016<\/strong><\/a><br \/>\n&#8211; <a href=\"https:\/\/villaescusadeharo.com\/wp-content\/uploads\/DECRETO-APROBACI\u00d3N-DE-BASES.doc\">Decreto de Alcald\u00eda de Aprobaci\u00f3n de Bases del <strong>Programa Extraordinario por el Empleo 2016<\/strong><\/a><br \/>\n&#8211; <a href=\"https:\/\/villaescusadeharo.com\/wp-content\/uploads\/PLAN-EXTRAORDINARIO.docx\">Bases para la Selecci\u00f3n de Trabajadores en el <strong>Programa Extraordinario por el Empleo 2016<\/strong><\/a><br \/>\n&#8211; <a href=\"https:\/\/villaescusadeharo.com\/wp-content\/uploads\/MODELO-SOLICITUD-P.EXTRA_.docx\">Modelo de Solicitud del <strong>Programa Extraordinario por el Empleo 2016<\/strong><\/a><\/p>\n<h4>2015<\/h4>\n<p>&#8211; <a href=\"https:\/\/villaescusadeharo.com\/wp-content\/uploads\/anuncio_mesa_arrendamiento.pdf\" target=\"_blank\">Anuncio de la Mesa de Contrataci\u00f3n del <strong>Concurso para Arrendamiento de Fincas R\u00fasticas<\/strong> de propiedad municipal 2015-2020<\/a><br \/>\n&#8211; <a href=\"https:\/\/villaescusadeharo.com\/wp-content\/uploads\/MODELO-DE-PLIEGO-2015-ARRENDAMIENTO-RUSTICAS.pdf\" target=\"_blank\">Pliego de Cl\u00e1usulas del <strong>Concurso para Arrendamiento de Fincas R\u00fasticas<\/strong> de propiedad municipal 2015-2020<\/a><br \/>\n&#8211; <a href=\"https:\/\/villaescusadeharo.com\/wp-content\/uploads\/ANUNCIO-bop-boletines-2015-10-21-9.pdf\" target=\"_blank\">Anuncio de <strong>Concurso para Arrendamiento de Fincas R\u00fasticas<\/strong> de propiedad municipal 2015-2020<\/a><\/p>\n<p>&#8211; <a href=\"https:\/\/villaescusadeharo.com\/wp-content\/uploads\/zonas_rurales.pdf\" target=\"_blank\">Acta de Selecci\u00f3n del <strong>Plan Especial de Empleo Zonas Rurales Deprimidas 2015<\/strong><\/a><\/p>\n<p>&#8211; <a href=\"https:\/\/villaescusadeharo.com\/wp-content\/uploads\/monitores_resultados.pdf\" target=\"_blank\">Anuncio de Aspirantes Aprobados para la Bolsa de Empleo de <strong>Monitores de Actividades de Ocio y Tiempo Libre 2015<\/strong><\/a><br \/>\n&#8211; <a href=\"https:\/\/villaescusadeharo.com\/wp-content\/uploads\/monitores_candidatos2.pdf\" target=\"_blank\">Listado Definitivo de Admitidos para la Bolsa de Empleo de <strong>Monitores de Actividades de Ocio y Tiempo Libre 2015<\/strong><\/a><br \/>\n&#8211; <a href=\"https:\/\/villaescusadeharo.com\/wp-content\/uploads\/monitores_candidatos.pdf\" target=\"_blank\">Listado Provisional de Admitidos para la Bolsa de Empleo de <strong>Monitores de Actividades de Ocio y Tiempo Libre 2015<\/strong><\/a><\/p>\n<p>&#8211; <a href=\"https:\/\/villaescusadeharo.com\/wp-content\/uploads\/taquilleros_resultados.pdf\" target=\"_blank\">Anuncio de Aspirantes Aprobados para la Bolsa de Empleo de <strong>Taquilleros Piscina Municipal 2015<\/strong><\/a><br \/>\n&#8211; <a href=\"https:\/\/villaescusadeharo.com\/wp-content\/uploads\/taquilleros_candidatos2.pdf\" target=\"_blank\">Listado Definitivo de Admitidos para la Bolsa de Empleo de <strong>Taquilleros Piscina Municipal 2015<\/strong><\/a><br \/>\n&#8211; <a href=\"https:\/\/villaescusadeharo.com\/wp-content\/uploads\/taquilleros_nuevo_tribunal.pdf\" target=\"_blank\">Correcci\u00f3n de Composici\u00f3n de Tribunal para la Bolsa de Empleo de <strong>Taquilleros Piscina Municipal 2015<\/strong><\/a><br \/>\n&#8211; <a href=\"https:\/\/villaescusadeharo.com\/wp-content\/uploads\/taquilleros_candidatos.pdf\" target=\"_blank\">Listado Provisional de Admitidos para la Bolsa de Empleo de <strong>Taquilleros Piscina Municipal 2015<\/strong><\/a><br \/>\n&#8211; <a href=\"https:\/\/villaescusadeharo.com\/wp-content\/uploads\/taquilleros_tribunal.pdf\" target=\"_blank\">Composici\u00f3n de Tribunal para la Bolsa de Empleo de <strong>Taquilleros Piscina Municipal 2015<\/strong><\/a><br \/>\n&#8211; <a href=\"http:\/\/www.dipucuenca.es\/bop\/download.asp?file=\/bop\/boletines\/2015\/5\/13\/17.pdf\" target=\"_blank\">Bolsa de Empleo de <strong>Taquilleros Piscina Municipal 2015<\/strong><\/a><\/p>\n<p>&#8211; <a href=\"https:\/\/villaescusadeharo.com\/wp-content\/uploads\/pliegobar2015.pdf\">Pliego de cla\u00fasulas para el arrendamiento del <strong>Bar de la Piscina<\/strong> de Villaescusa de Haro para el verano 2015<\/a><\/p>\n<p>&#8211; <a href=\"https:\/\/villaescusadeharo.com\/wp-content\/uploads\/POM-2015-PLIEGO-ADMINISTRATIVAS.pdf\">Pliego de cla\u00fasulas administrativas particulares para la redacci\u00f3n del <strong>Plan de Ordenaci\u00f3n Municipal<\/strong> de Villaescusa de Haro<\/a><br \/>\n&#8211; <a href=\"https:\/\/villaescusadeharo.com\/wp-content\/uploads\/POM-2015-PLIEGO-TECNICAS.pdf\">Pliego de prescripciones t\u00e9cnicas del procedimiento negociado sin publicidad para la redacci\u00f3n del <strong>Plan de Ordenaci\u00f3n Municipal<\/strong> de Villaescusa de Haro<\/a><br \/>\n&#8211; <a href=\"https:\/\/villaescusadeharo.com\/wp-content\/uploads\/POM-2015-APERTURA.pdf\">Anuncio de Apertura de Ofertas para la redacci\u00f3n del <strong>Plan de Ordenaci\u00f3n Municipal<\/strong> de Villaescusa de Haro<\/a><\/p>\n<h4>2014<\/h4>\n<p>&#8211; <a href=\"https:\/\/villaescusadeharo.com\/wp-content\/uploads\/pliego2014.pdf\">Pliego de cla\u00fasulas para el arrendamiento del <strong>Bar de la Piscina<\/strong> de Villaescusa de Haro para el verano 2014<\/a><\/p>\n","protected":false},"excerpt":{"rendered":"<p>Perfil del contratante En esta p\u00e1gina se publicar\u00e1n las ofertas<\/p>\n","protected":false},"author":1,"featured_media":0,"parent":966,"menu_order":1,"comment_status":"closed","ping_status":"closed","template":"","meta":{"footnotes":""},"class_list":["post-880","page","type-page","status-publish","hentry"],"_links":{"self":[{"href":"https:\/\/villaescusadeharo.com\/index.php?rest_route=\/wp\/v2\/pages\/880","targetHints":{"allow":["GET"]}}],"collection":[{"href":"https:\/\/villaescusadeharo.com\/index.php?rest_route=\/wp\/v2\/pages"}],"about":[{"href":"https:\/\/villaescusadeharo.com\/index.php?rest_route=\/wp\/v2\/types\/page"}],"author":[{"embeddable":true,"href":"https:\/\/villaescusadeharo.com\/index.php?rest_route=\/wp\/v2\/users\/1"}],"replies":[{"embeddable":true,"href":"https:\/\/villaescusadeharo.com\/index.php?rest_route=%2Fwp%2Fv2%2Fcomments&post=880"}],"version-history":[{"count":42,"href":"https:\/\/villaescusadeharo.com\/index.php?rest_route=\/wp\/v2\/pages\/880\/revisions"}],"predecessor-version":[{"id":1500,"href":"https:\/\/villaescusadeharo.com\/index.php?rest_route=\/wp\/v2\/pages\/880\/revisions\/1500"}],"up":[{"embeddable":true,"href":"https:\/\/villaescusadeharo.com\/index.php?rest_route=\/wp\/v2\/pages\/966"}],"wp:attachment":[{"href":"https:\/\/villaescusadeharo.com\/index.php?rest_route=%2Fwp%2Fv2%2Fmedia&parent=880"}],"curies":[{"name":"wp","href":"https:\/\/api.w.org\/{rel}","templated":true}]}}